{"id":2,"date":"2025-01-13T13:23:41","date_gmt":"2025-01-13T13:23:41","guid":{"rendered":"https:\/\/blocuriizolatetermic.primariapetrosani.ro\/?page_id=2"},"modified":"2025-01-20T13:06:26","modified_gmt":"2025-01-20T13:06:26","slug":"despre-proiect","status":"publish","type":"page","link":"https:\/\/blocuriizolatetermic.primariapetrosani.ro\/index.php\/despre-proiect\/","title":{"rendered":"Despre proiect"},"content":{"rendered":"<div class=\"wpb-content-wrapper\"><p>[vc_row][vc_column css=&#8221;.vc_custom_1736950339776{background-color: #FFFFFF !important;}&#8221;][vc_row_inner][vc_column_inner][vc_single_image image=&#8221;341&#8243; img_size=&#8221;full&#8221; alignment=&#8221;center&#8221; css=&#8221;.vc_custom_1737111236122{margin-bottom: 0px !important;}&#8221;][vc_single_image image=&#8221;186&#8243; img_size=&#8221;full&#8221; alignment=&#8221;center&#8221; css=&#8221;.vc_custom_1736968011273{margin-bottom: 0px !important;}&#8221;][\/vc_column_inner][\/vc_row_inner][\/vc_column][\/vc_row][vc_row][vc_column width=&#8221;1\/2&#8243;][vc_separator color=&#8221;blue&#8221; border_width=&#8221;2&#8243; css=&#8221;&#8221;][vc_column_text css=&#8221;.vc_custom_1737378327268{padding-top: 1px !important;}&#8221;]<\/p>\n<h4><strong>Municipiul Petro\u0219ani devine mai verde: Blocurile de locuin\u021be intr\u0103 \u00een era eficien\u021bei energetice<\/strong><\/h4>\n<p>Municipiul Petro\u0219ani face un pas important spre un viitor mai sustenabil, odat\u0103 cu implementarea proiectului ambi\u021bios \u201eCre\u0219terea eficien\u021bei energetice a blocurilor de locuin\u021be\u201d. Prin finan\u021barea oferit\u0103 de Programul Regional Vest 2021-2027, cinci blocuri de locuin\u021be din ora\u0219 vor beneficia de lucr\u0103ri menite s\u0103 reduc\u0103 emisiile de carbon \u0219i s\u0103 \u00eembun\u0103t\u0103\u021beasc\u0103 eficien\u021ba energetic\u0103.<\/p>\n<p><strong>O ini\u021biativ\u0103 necesar\u0103 pentru un viitor sustenabil<\/strong><\/p>\n<p>Proiectul vizeaz\u0103 blocurile situate pe str\u0103zile 1 Decembrie 1918 (blocurile 120 \u0219i 122), Aviatorilor (blocul 22), Avram Iancu (blocul 7) \u0219i General Dragalina (blocul 4), toate av\u00e2nd \u00eentre 8 \u0219i 10 etaje. Scopul principal este reducerea consumului de energie \u0219i, implicit, a emisiilor de CO2, un pas esen\u021bial \u00een combaterea schimb\u0103rilor climatice \u0219i \u00eembun\u0103t\u0103\u021birea calit\u0103\u021bii vie\u021bii locuitorilor.<\/p>\n<p><strong>Continuarea unui proiect \u00eenceput cu finan\u021bare prin POR 2014-2020<\/strong><\/p>\n<p>Prima etap\u0103 a proiectului a fost lansat\u0103 \u00een cadrul Programului Opera\u021bional Regional 2014\u20132020, \u00eens\u0103 executantul lucr\u0103rilor, SC CONART STRUCTURI SRL, nu s-a \u00eencadrat \u00een termenele contractuale p\u00e2n\u0103 la 31.12.2023, data de \u00eenchidere a POR 2014-2020. Din acest motiv, proiectul a fost etapizat, iar continuarea lucr\u0103rilor este asigurat\u0103 acum prin Programul Regional Vest 2021-2027.<\/p>\n<p><strong>Noua etap\u0103 \u2013 finan\u021bare \u0219i obiective<\/strong><\/p>\n<p>\u00cen etapa a doua, finan\u021barea total\u0103 a proiectului se ridic\u0103 la 6.393.992,52 lei, inclusiv TVA. Aceasta este alocat\u0103 prin Prioritatea P3 \u2013 \u201eO regiune cu ora\u0219e prietenoase cu mediul\u201d, cu accent pe promovarea eficien\u021bei energetice \u0219i reducerea emisiilor de gaze cu efect de ser\u0103. Interven\u021biile vor cuprinde anveloparea cl\u0103dirilor, reducerea consumului anual specific de energie pentru \u00eenc\u0103lzire, accesibilizarea cl\u0103dirilor pentru persoanele cu dizabilit\u0103\u021bi locomotorii, montarea \u0219i \u00eenlocuirea lifturilor.<\/p>\n<p><strong>Beneficii pentru comunitate<\/strong><\/p>\n<p>Proiectul aduce beneficii concrete pentru locatarii blocurilor implicate, care se vor bucura de facturi mai mici la energie \u0219i un confort sporit.[\/vc_column_text][vc_separator color=&#8221;blue&#8221; border_width=&#8221;2&#8243; css=&#8221;&#8221;][\/vc_column][vc_column width=&#8221;1\/2&#8243;][vc_single_image image=&#8221;72&#8243; img_size=&#8221;full&#8221; alignment=&#8221;right&#8221; style=&#8221;vc_box_rounded&#8221; css=&#8221;&#8221;][vc_separator color=&#8221;blue&#8221; border_width=&#8221;2&#8243; css=&#8221;&#8221;][vc_column_text css=&#8221;.vc_custom_1737376002174{margin-top: 0px !important;margin-right: 0px !important;margin-bottom: 0px !important;margin-left: 0px !important;border-top-width: 0px !important;border-right-width: 0px !important;border-bottom-width: 0px !important;border-left-width: 0px !important;padding-top: 10px !important;padding-right: 10px !important;padding-bottom: 10px !important;padding-left: 10px !important;background-color: #FFFFFF !important;border-radius: 2px !important;}&#8221;]\u00cen plus, \u00eentreaga comunitate a Petro\u0219aniului va resim\u021bi impactul pozitiv al unui mediu urban mai curat \u0219i mai sustenabil.<\/p>\n<p>Locuitorii ora\u0219ului \u0219i turi\u0219tii vor observa schimb\u0103rile, contribuind la imaginea unui Petro\u0219ani modern, conectat la valorile europene privind dezvoltarea durabil\u0103.<\/p>\n<p><strong>Pa\u0219i spre un ora\u0219 mai verde<\/strong><\/p>\n<p>Prin acest proiect, municipiul Petro\u0219ani demonstreaz\u0103 c\u0103 este preg\u0103tit s\u0103 devin\u0103 un ora\u0219 mai verde, mai prietenos cu mediul \u0219i mai atractiv pentru genera\u021biile viitoare. Investi\u021bia \u00een eficien\u021ba energetic\u0103 nu este doar o necesitate economic\u0103, ci \u0219i un angajament moral fa\u021b\u0103 de mediu \u0219i comunitate.<\/p>\n<p>Petro\u0219aniul va contribui la transformarea regiunii Vest \u00eentr-una mai sustenabil\u0103 \u0219i mai prosper\u0103. Viitorul \u00eencepe acum, iar primul pas se vede chiar pe fa\u021badele blocurilor ora\u0219ului![\/vc_column_text][vc_separator color=&#8221;white&#8221; border_width=&#8221;2&#8243; css=&#8221;&#8221;][vc_separator color=&#8221;blue&#8221; border_width=&#8221;2&#8243; css=&#8221;&#8221;][\/vc_column][\/vc_row][vc_row][vc_column][vc_single_image image=&#8221;108&#8243; img_size=&#8221;full&#8221; alignment=&#8221;center&#8221; css=&#8221;&#8221;][\/vc_column][\/vc_row]<\/p>\n<\/div>","protected":false},"excerpt":{"rendered":"<p>[vc_row][vc_column css=&#8221;.vc_custom_1736950339776{background-color: #FFFFFF !important;}&#8221;][vc_row_inner][vc_column_inner][vc_single_image image=&#8221;341&#8243; img_size=&#8221;full&#8221; alignment=&#8221;center&#8221; css=&#8221;.vc_custom_1737111236122{margin-bottom: 0px !important;}&#8221;][vc_single_image image=&#8221;186&#8243; img_size=&#8221;full&#8221; alignment=&#8221;center&#8221; css=&#8221;.vc_custom_1736968011273{margin-bottom: 0px !important;}&#8221;][\/vc_column_inner][\/vc_row_inner][\/vc_column][\/vc_row][vc_row][vc_column width=&#8221;1\/2&#8243;][vc_separator color=&#8221;blue&#8221; border_width=&#8221;2&#8243; css=&#8221;&#8221;][vc_column_text &hellip; <\/p>\n","protected":false},"author":1,"featured_media":0,"parent":0,"menu_order":0,"comment_status":"closed","ping_status":"closed","template":"","meta":{"_coachify_sidebar_layout":"","footnotes":""},"class_list":["post-2","page","type-page","status-publish","hentry","latest_post","image-hover-transition-effect"],"_links":{"self":[{"href":"https:\/\/blocuriizolatetermic.primariapetrosani.ro\/index.php\/wp-json\/wp\/v2\/pages\/2","targetHints":{"allow":["GET"]}}],"collection":[{"href":"https:\/\/blocuriizolatetermic.primariapetrosani.ro\/index.php\/wp-json\/wp\/v2\/pages"}],"about":[{"href":"https:\/\/blocuriizolatetermic.primariapetrosani.ro\/index.php\/wp-json\/wp\/v2\/types\/page"}],"author":[{"embeddable":true,"href":"https:\/\/blocuriizolatetermic.primariapetrosani.ro\/index.php\/wp-json\/wp\/v2\/users\/1"}],"replies":[{"embeddable":true,"href":"https:\/\/blocuriizolatetermic.primariapetrosani.ro\/index.php\/wp-json\/wp\/v2\/comments?post=2"}],"version-history":[{"count":14,"href":"https:\/\/blocuriizolatetermic.primariapetrosani.ro\/index.php\/wp-json\/wp\/v2\/pages\/2\/revisions"}],"predecessor-version":[{"id":389,"href":"https:\/\/blocuriizolatetermic.primariapetrosani.ro\/index.php\/wp-json\/wp\/v2\/pages\/2\/revisions\/389"}],"wp:attachment":[{"href":"https:\/\/blocuriizolatetermic.primariapetrosani.ro\/index.php\/wp-json\/wp\/v2\/media?parent=2"}],"curies":[{"name":"wp","href":"https:\/\/api.w.org\/{rel}","templated":true}]}}